{"id":18,"date":"2026-08-18T11:27:57","date_gmt":"2026-08-18T03:27:57","guid":{"rendered":"https:\/\/www.kamagracialis.com\/?page_id=18"},"modified":"2026-08-18T11:27:57","modified_gmt":"2026-08-18T03:27:57","slug":"gdpr","status":"publish","type":"page","link":"https:\/\/www.kamagracialis.com\/hu\/gdpr\/","title":{"rendered":"Privacy Policy"},"content":{"rendered":"<h2 class=\"wp-block-heading\">Kik vagyunk<\/h2>\n<p>Our website address is: https:\/\/www.kamagracialis.com.<\/p>\n<h2 class=\"wp-block-heading\">Milyen szem\u00e9lyes adatokat gy\u0171jt\u00fcnk, \u00e9s mi\u00e9rt gy\u0171jtj\u00fck azokat<\/h2>\n<h3 class=\"wp-block-heading\">Hozz\u00e1sz\u00f3l\u00e1sok<\/h3>\n<p>Amikor a l\u00e1togat\u00f3k hozz\u00e1sz\u00f3l\u00e1sokat hagynak a webhelyen, \u00f6sszegy\u0171jtj\u00fck a hozz\u00e1sz\u00f3l\u00e1si \u0171rlapon megjelen\u0151 adatokat, valamint a l\u00e1togat\u00f3 IP-c\u00edm\u00e9t \u00e9s a b\u00f6ng\u00e9sz\u0151j\u00e9nek user-agent-sz\u00f6veg\u00e9t a spam-felismer\u00e9s el\u0151seg\u00edt\u00e9se \u00e9rdek\u00e9ben.<\/p>\n<p>Az e-mail-c\u00edmedb\u0151l l\u00e9trehozott n\u00e9vtelen karakterl\u00e1nc (m\u00e1s n\u00e9ven hash) tov\u00e1bb\u00edthat\u00f3 a Gravatar szolg\u00e1ltat\u00e1snak annak ellen\u0151rz\u00e9se c\u00e9lj\u00e1b\u00f3l, hogy haszn\u00e1lod-e azt. A Gravatar szolg\u00e1ltat\u00e1s adatv\u00e9delmi ir\u00e1nyelvei itt \u00e9rhet\u0151k el: https:\/\/automattic.com\/privacy\/. A hozz\u00e1sz\u00f3l\u00e1sod j\u00f3v\u00e1hagy\u00e1s\u00e1t k\u00f6vet\u0151en a profilk\u00e9ped a hozz\u00e1sz\u00f3l\u00e1sod mellett nyilv\u00e1nosan l\u00e1that\u00f3 lesz.<\/p>\n<h3 class=\"wp-block-heading\">M\u00e9dia<\/h3>\n<p>Ha k\u00e9peket t\u00f6lt fel a weboldalra, ker\u00fclje a be\u00e1gyazott helyadatokkal (EXIF GPS) rendelkez\u0151 k\u00e9pek felt\u00f6lt\u00e9s\u00e9t. A weboldal l\u00e1togat\u00f3i let\u00f6lthetik a weboldalon tal\u00e1lhat\u00f3 k\u00e9peket, \u00e9s kinyerhetik azokb\u00f3l a helyadatokat.<\/p>\n<h3 class=\"wp-block-heading\">Kapcsolatfelv\u00e9teli \u0171rlapok<\/h3>\n<h3 class=\"wp-block-heading\">S\u00fctik<\/h3>\n<p>Ha hozz\u00e1sz\u00f3l\u00e1st hagy a weboldalunkon, v\u00e1laszthatja, hogy nev\u00e9t, e-mail-c\u00edm\u00e9t \u00e9s weboldal\u00e1t cookie-kban t\u00e1roljuk-e. Ezek az \u00d6n k\u00e9nyelm\u00e9t szolg\u00e1lj\u00e1k, hogy ne kelljen \u00fajra megadnia adatait, amikor \u00fajabb hozz\u00e1sz\u00f3l\u00e1st \u00edr. Ezek a cookie-k egy \u00e9vig maradnak \u00e9rv\u00e9nyben.<\/p>\n<p>Ha felkeresi a bejelentkez\u00e9si oldalunkat, egy ideiglenes cookie-t helyez\u00fcnk el annak meg\u00e1llap\u00edt\u00e1s\u00e1ra, hogy a b\u00f6ng\u00e9sz\u0151je elfogadja-e a cookie-kat. Ez a cookie nem tartalmaz szem\u00e9lyes adatokat, \u00e9s a b\u00f6ng\u00e9sz\u0151 bez\u00e1r\u00e1sakor t\u00f6rl\u0151dik.<\/p>\n<p>Bejelentkez\u00e9skor t\u00f6bb cookie-t is elhelyez\u00fcnk, hogy elments\u00fck a bejelentkez\u00e9si adatait \u00e9s a k\u00e9perny\u0151be\u00e1ll\u00edt\u00e1sait. A bejelentkez\u00e9si cookie-k k\u00e9t napig, a k\u00e9perny\u0151be\u00e1ll\u00edt\u00e1sokat t\u00e1rol\u00f3 cookie-k pedig egy \u00e9vig maradnak meg. Ha a \u201cBejelentkez\u00e9s meg\u0151rz\u00e9se\u201d opci\u00f3t v\u00e1lasztja, a bejelentkez\u00e9se k\u00e9t h\u00e9tig \u00e9rv\u00e9nyben marad. Ha kijelentkezik a fi\u00f3kj\u00e1b\u00f3l, a bejelentkez\u00e9si cookie-k t\u00f6rl\u0151dnek.<\/p>\n<p>Ha egy cikket szerkesztesz vagy k\u00f6zz\u00e9teszel, a b\u00f6ng\u00e9sz\u0151dbe egy tov\u00e1bbi s\u00fcti ker\u00fcl elment\u00e9sre. Ez a s\u00fcti nem tartalmaz szem\u00e9lyes adatokat, csup\u00e1n az im\u00e9nt szerkesztett cikk bejegyz\u00e9s-azonos\u00edt\u00f3j\u00e1t jelzi. 1 nap m\u00falva lej\u00e1r.<\/p>\n<h3 class=\"wp-block-heading\">M\u00e1s weboldalakr\u00f3l be\u00e1gyazott tartalom<\/h3>\n<p>A webhelyen tal\u00e1lhat\u00f3 cikkek be\u00e1gyazott tartalmakat (pl. vide\u00f3kat, k\u00e9peket, cikkeket stb.) tartalmazhatnak. A m\u00e1s webhelyekr\u0151l sz\u00e1rmaz\u00f3 be\u00e1gyazott tartalmak pontosan \u00fagy viselkednek, mintha a l\u00e1togat\u00f3 felkeresn\u00e9 az adott webhelyet.<\/p>\n<p>Ezek a webhelyek adatokat gy\u0171jthetnek r\u00f3lad, cookie-kat haszn\u00e1lhatnak, tov\u00e1bbi harmadik f\u00e9lt\u0151l sz\u00e1rmaz\u00f3 nyomk\u00f6vet\u0151 eszk\u00f6z\u00f6ket \u00e1gyazhatnak be, \u00e9s nyomon k\u00f6vethetik a be\u00e1gyazott tartalommal val\u00f3 interakci\u00f3dat, ide\u00e9rtve annak nyomon k\u00f6vet\u00e9s\u00e9t is, ha fi\u00f3kod van \u00e9s be vagy jelentkezve az adott webhelyre.<\/p>\n<h3 class=\"wp-block-heading\">Elemz\u00e9s<\/h3>\n<h2 class=\"wp-block-heading\">Kikkel osztjuk meg az \u00d6n adatait<\/h2>\n<h2 class=\"wp-block-heading\">Mennyi ideig t\u00e1roljuk az \u00d6n adatait<\/h2>\n<p>Ha hozz\u00e1sz\u00f3l\u00e1st \u00edrsz, a hozz\u00e1sz\u00f3l\u00e1s \u00e9s a hozz\u00e1 tartoz\u00f3 metaadatok hat\u00e1rozatlan ideig megmaradnak. Ennek c\u00e9lja, hogy az esetleges tov\u00e1bbi hozz\u00e1sz\u00f3l\u00e1sokat automatikusan felismerhess\u00fck \u00e9s j\u00f3v\u00e1hagyhassuk, ahelyett, hogy azok a moder\u00e1ci\u00f3s sorban maradn\u00e1nak.<\/p>\n<p>A weboldalunkon regisztr\u00e1l\u00f3 felhaszn\u00e1l\u00f3k (ha vannak ilyenek) eset\u00e9ben a felhaszn\u00e1l\u00f3i profiljukban megadott szem\u00e9lyes adataikat is t\u00e1roljuk. Minden felhaszn\u00e1l\u00f3 b\u00e1rmikor megtekintheti, szerkesztheti vagy t\u00f6r\u00f6lheti a szem\u00e9lyes adatait (kiv\u00e9ve a felhaszn\u00e1l\u00f3nev\u00e9t, amelyet nem m\u00f3dos\u00edthat). A weboldal rendszergazd\u00e1i szint\u00e9n megtekinthetik \u00e9s szerkeszthetik ezeket az adatokat.<\/p>\n<h2 class=\"wp-block-heading\">Milyen jogok illetik meg az adataidat illet\u0151en<\/h2>\n<p>Ha fi\u00f3kja van ezen a webhelyen, vagy hozz\u00e1sz\u00f3l\u00e1sokat \u00edrt, k\u00e9rheti, hogy megkapja az \u00d6nr\u0151l t\u00e1rolt szem\u00e9lyes adatok export\u00e1lt f\u00e1jlj\u00e1t, bele\u00e9rtve az \u00d6n \u00e1ltal nek\u00fcnk megadott adatokat is. K\u00e9rheti tov\u00e1bb\u00e1, hogy t\u00f6r\u00f6lj\u00fck az \u00d6nr\u0151l t\u00e1rolt szem\u00e9lyes adatait. Ez nem vonatkozik azokra az adatokra, amelyeket adminisztrat\u00edv, jogi vagy biztons\u00e1gi c\u00e9lokb\u00f3l k\u00f6telesek vagyunk meg\u0151rizni.<\/p>\n<h2 class=\"wp-block-heading\">Hov\u00e1 tov\u00e1bb\u00edtjuk az adatait<\/h2>\n<p>A l\u00e1togat\u00f3i hozz\u00e1sz\u00f3l\u00e1sokat egy automatiz\u00e1lt spam-sz\u0171r\u0151 szolg\u00e1ltat\u00e1s seg\u00edts\u00e9g\u00e9vel ellen\u0151rizhetj\u00fck.<\/p>\n<h2 class=\"wp-block-heading\">Az \u00d6n el\u00e9rhet\u0151s\u00e9gei<\/h2>\n<h2 class=\"wp-block-heading\">Tov\u00e1bbi inform\u00e1ci\u00f3k<\/h2>\n<h3 class=\"wp-block-heading\">Hogyan v\u00e9dj\u00fck az \u00d6n adatait?<\/h3>\n<h3 class=\"wp-block-heading\">Milyen adatv\u00e9delmi incidenskezel\u00e9si elj\u00e1r\u00e1saink vannak \u00e9rv\u00e9nyben<\/h3>\n<h3 class=\"wp-block-heading\">Mely harmadik felekt\u0151l kapunk adatokat<\/h3>\n<h3 class=\"wp-block-heading\">Milyen automatiz\u00e1lt d\u00f6nt\u00e9shozatalt \u00e9s\/vagy profilalkot\u00e1st v\u00e9gz\u00fcnk a felhaszn\u00e1l\u00f3i adatok alapj\u00e1n<\/h3>\n<h3 class=\"wp-block-heading\">Az ipar\u00e1gra vonatkoz\u00f3 szab\u00e1lyoz\u00e1si k\u00f6zz\u00e9t\u00e9teli k\u00f6vetelm\u00e9nyek<\/h3>","protected":false},"excerpt":{"rendered":"<p>Who we are Our website address is: https:\/\/www.kamagracialis.com. What personal data we collect and why we collect it Comments When visitors leave comments on the site we collect the data shown in the comments form, and also the visitor&#8217;s IP address and browser user agent string to help spam detection. An anonymized string created from [&hellip;]<\/p>\n","protected":false},"author":1,"featured_media":0,"parent":0,"menu_order":0,"comment_status":"closed","ping_status":"closed","template":"","meta":{"footnotes":""},"class_list":["post-18","page","type-page","status-publish","hentry"],"_links":{"self":[{"href":"https:\/\/www.kamagracialis.com\/hu\/wp-json\/wp\/v2\/pages\/18","targetHints":{"allow":["GET"]}}],"collection":[{"href":"https:\/\/www.kamagracialis.com\/hu\/wp-json\/wp\/v2\/pages"}],"about":[{"href":"https:\/\/www.kamagracialis.com\/hu\/wp-json\/wp\/v2\/types\/page"}],"author":[{"embeddable":true,"href":"https:\/\/www.kamagracialis.com\/hu\/wp-json\/wp\/v2\/users\/1"}],"replies":[{"embeddable":true,"href":"https:\/\/www.kamagracialis.com\/hu\/wp-json\/wp\/v2\/comments?post=18"}],"version-history":[{"count":1,"href":"https:\/\/www.kamagracialis.com\/hu\/wp-json\/wp\/v2\/pages\/18\/revisions"}],"predecessor-version":[{"id":173,"href":"https:\/\/www.kamagracialis.com\/hu\/wp-json\/wp\/v2\/pages\/18\/revisions\/173"}],"wp:attachment":[{"href":"https:\/\/www.kamagracialis.com\/hu\/wp-json\/wp\/v2\/media?parent=18"}],"curies":[{"name":"wp","href":"https:\/\/api.w.org\/{rel}","templated":true}]}}